{"id":318,"date":"2025-07-08T14:15:43","date_gmt":"2025-07-08T14:15:43","guid":{"rendered":"https:\/\/www.xeocamping.com\/?page_id=318"},"modified":"2026-04-13T15:07:27","modified_gmt":"2026-04-13T15:07:27","slug":"contorna-e-recursos","status":"publish","type":"page","link":"https:\/\/www.xeocamping.com\/index.php\/contorna-e-recursos\/","title":{"rendered":"Contorna e recursos"},"content":{"rendered":"\n<div class=\"wp-block-cover alignfull\" style=\"padding-top:var(--wp--preset--spacing--60);padding-bottom:var(--wp--preset--spacing--60);min-height:250px;aspect-ratio:unset;\"><img loading=\"lazy\" decoding=\"async\" width=\"2560\" height=\"1707\" class=\"wp-block-cover__image-background wp-image-45 size-full\" alt=\"\" src=\"https:\/\/www.xeocamping.com\/wp-content\/uploads\/2025\/05\/meandrodacubela-scaled.jpg\" style=\"object-position:8% 20%\" data-object-fit=\"cover\" data-object-position=\"8% 20%\" srcset=\"https:\/\/www.xeocamping.com\/wp-content\/uploads\/2025\/05\/meandrodacubela-scaled.jpg 2560w, https:\/\/www.xeocamping.com\/wp-content\/uploads\/2025\/05\/meandrodacubela-300x200.jpg 300w, https:\/\/www.xeocamping.com\/wp-content\/uploads\/2025\/05\/meandrodacubela-1024x683.jpg 1024w, https:\/\/www.xeocamping.com\/wp-content\/uploads\/2025\/05\/meandrodacubela-768x512.jpg 768w, https:\/\/www.xeocamping.com\/wp-content\/uploads\/2025\/05\/meandrodacubela-1536x1024.jpg 1536w, https:\/\/www.xeocamping.com\/wp-content\/uploads\/2025\/05\/meandrodacubela-2048x1365.jpg 2048w, https:\/\/www.xeocamping.com\/wp-content\/uploads\/2025\/05\/meandrodacubela-930x620.jpg 930w\" sizes=\"auto, (max-width: 2560px) 100vw, 2560px\" \/><span aria-hidden=\"true\" class=\"wp-block-cover__background has-neve-link-hover-color-background-color has-background-dim\"><\/span><div class=\"wp-block-cover__inner-container is-layout-flow wp-block-cover-is-layout-flow\">\n<div class=\"wp-block-group\" style=\"padding-right:var(--wp--preset--spacing--30);padding-left:var(--wp--preset--spacing--30)\"><div class=\"wp-block-group__inner-container is-layout-flow wp-block-group-is-layout-flow\">\n<h1 class=\"wp-block-heading has-text-align-left has-nv-site-bg-color has-text-color\" style=\"padding-top:var(--wp--preset--spacing--70);padding-bottom:var(--wp--preset--spacing--70)\">Contorna e recursos<\/h1>\n<\/div><\/div>\n<\/div><\/div>\n\n\n\n<div class=\"wp-block-cover alignfull\" style=\"padding-right:0;padding-left:0;min-height:200px;aspect-ratio:unset;\"><span aria-hidden=\"true\" class=\"wp-block-cover__background has-nv-light-bg-background-color has-background-dim-100 has-background-dim\"><\/span><div class=\"wp-block-cover__inner-container is-layout-flow wp-block-cover-is-layout-flow\">\n<div style=\"height:60px\" aria-hidden=\"true\" class=\"wp-block-spacer\"><\/div>\n\n\n\n<div class=\"wp-block-group\"><div class=\"wp-block-group__inner-container is-layout-flow wp-block-group-is-layout-flow\">\n<div class=\"wp-block-columns has-neve-text-color-color has-text-color is-layout-flex wp-container-core-columns-is-layout-9d6595d7 wp-block-columns-is-layout-flex\">\n<div class=\"wp-block-column is-vertically-aligned-center is-layout-flow wp-block-column-is-layout-flow\">\n<p class=\"has-neve-text-color-color has-text-color has-link-color wp-elements-652b730280a97bf8fed4a0cbedb8dc30\" style=\"padding-right:var(--wp--preset--spacing--30);padding-left:var(--wp--preset--spacing--30);font-size:17px\">D\u00e9ixate envolver pola natureza e fai dela o teu fogar por uns d\u00edas. O Xeoc\u00e1mping Monta\u00f1as do Courel est\u00e1 situado nun enclave privilexiado, na porta de entrada a dous espazos naturais de reco\u00f1ecemento internacional: o <mark style=\"background-color:rgba(0, 0, 0, 0)\" class=\"has-inline-color has-neve-link-hover-color-color\"><strong><a href=\"https:\/\/montanasdocourel.gal\/gl\/\">Xeoparque Monta\u00f1as do Courel<\/a><\/strong> <\/mark>e a <strong><mark style=\"background-color:rgba(0, 0, 0, 0)\" class=\"has-inline-color has-neve-link-hover-color-color\"><a href=\"https:\/\/patrimonionatural.xunta.gal\/es\/ribeira-sacra-sierra-oribio-courel\" data-type=\"link\" data-id=\"https:\/\/patrimonionatural.xunta.gal\/es\/ribeira-sacra-sierra-oribio-courel\">Reserva da Biosfera Ribeira Sacra e Serras do Oribio e Courel<\/a><\/mark><\/strong>, ambos distinguidos pola UNESCO.<\/p>\n\n\n\n<p class=\"has-neve-text-color-color has-text-color has-link-color wp-elements-1cbefe2d1f35eaa5c2fdb01e33258055\" style=\"padding-right:var(--wp--preset--spacing--30);padding-left:var(--wp--preset--spacing--30);font-size:17px\">Aqu\u00ed, ag\u00e1rdante paisaxes espectaculares: monta\u00f1as que contan historias xeol\u00f3xicas milenarias, bosques aut\u00f3ctonos que agochan lendas, r\u00edos de augas cristalinas, e aldeas que conservan con orgullo a s\u00faa esencia tradicional.<\/p>\n<\/div>\n<\/div>\n<\/div><\/div>\n<\/div><\/div>\n\n\n\n<div class=\"wp-block-cover alignfull\"><span aria-hidden=\"true\" class=\"wp-block-cover__background has-neve-link-hover-color-background-color has-background-dim-100 has-background-dim\"><\/span><div class=\"wp-block-cover__inner-container is-layout-flow wp-block-cover-is-layout-flow\">\n<div style=\"height:60px\" aria-hidden=\"true\" class=\"wp-block-spacer\"><\/div>\n\n\n\n<div class=\"wp-block-group\"><div class=\"wp-block-group__inner-container is-layout-flow wp-block-group-is-layout-flow\">\n<div class=\"wp-block-columns are-vertically-aligned-center is-layout-flex wp-container-core-columns-is-layout-9d6595d7 wp-block-columns-is-layout-flex\">\n<div class=\"wp-block-column is-layout-flow wp-block-column-is-layout-flow\">\n<h2 class=\"wp-block-heading\" style=\"padding-right:0;padding-left:var(--wp--preset--spacing--30);font-size:28px\">Para persoas aventureiras&#8230;<\/h2>\n\n\n\n<p style=\"padding-right:0;padding-left:var(--wp--preset--spacing--30);font-size:17px\"><mark style=\"background-color:rgba(0, 0, 0, 0)\" class=\"has-inline-color has-nv-site-bg-color\">A contorna \u00e9 un para\u00edso para quen busca explorar:<\/mark><\/p>\n\n\n\n<ul class=\"wp-block-list\">\n<li style=\"font-size:17px\">Sendeiros que conducen a <strong>fervenzas agochadas<\/strong>.<\/li>\n\n\n\n<li style=\"font-size:17px\"><strong>Covas fascinantes<\/strong> e antigas.<\/li>\n\n\n\n<li style=\"font-size:17px\"><strong>Miradoiros naturais<\/strong> que che roubar\u00e1n o alento.<\/li>\n<\/ul>\n\n\n\n<p style=\"padding-right:0;padding-left:var(--wp--preset--spacing--30);font-size:17px\"><mark style=\"background-color:rgba(0, 0, 0, 0)\" class=\"has-inline-color has-nv-site-bg-color\">Tam\u00e9n podes practicar <strong>actividades de aventura<\/strong>, como o barranquismo, con empresas locais que coidan o medio e garantizan a seguridade.<\/mark><\/p>\n<\/div>\n\n\n\n<div class=\"wp-block-column is-layout-flow wp-block-column-is-layout-flow\" style=\"padding-right:var(--wp--preset--spacing--40);padding-left:var(--wp--preset--spacing--40)\">\n<h2 class=\"wp-block-heading\" style=\"padding-right:0;padding-left:0;font-size:28px\">Para quen busca calma&#8230;<\/h2>\n\n\n\n<p style=\"padding-right:0;padding-left:0;font-size:17px\"><mark style=\"background-color:rgba(0, 0, 0, 0)\" class=\"has-inline-color has-nv-site-bg-color\">Se prefires relaxarte, este \u00e9 o lugar ideal para desconectar do ru\u00eddo e reconectar coa natureza. Podes:<\/mark><\/p>\n\n\n\n<ul class=\"wp-block-list\">\n<li style=\"font-size:17px\">Pasear sen pr\u00e9sa entre <strong>carballeiras e soutos<\/strong>.<\/li>\n\n\n\n<li style=\"font-size:17px\">Descubrir pequenas aldeas con moita alma.<\/li>\n\n\n\n<li style=\"font-size:17px\">Saborear a <strong>gastronom\u00eda rural<\/strong>, con pratos tradicionais, sabor intenso e raci\u00f3ns \u201ccoma na casa\u201d.<\/li>\n<\/ul>\n<\/div>\n<\/div>\n<\/div><\/div>\n\n\n\n<div class=\"wp-block-buttons is-content-justification-center is-layout-flex wp-container-core-buttons-is-layout-16018d1d wp-block-buttons-is-layout-flex\">\n<div class=\"wp-block-button\"><a class=\"wp-block-button__link wp-element-button\" href=\"https:\/\/www.xeocamping.com\/wp-content\/uploads\/2026\/04\/GUIA-SENDEIROS-QUIROGA-GALLEGO-1.pdf\">Gu\u00eda de rutas &#8211; Concello de Quiroga<\/a><\/div>\n\n\n\n<div class=\"wp-block-button\"><a class=\"wp-block-button__link wp-element-button\" href=\"https:\/\/www.xeocamping.com\/wp-content\/uploads\/2026\/04\/guia_rutas_folgoso.pdf\">Gu\u00eda de Rutas &#8211; Concello de Folgoso do Courel<\/a><\/div>\n<\/div>\n\n\n\n<div style=\"height:40px\" aria-hidden=\"true\" class=\"wp-block-spacer\"><\/div>\n<\/div><\/div>\n\n\n\n<div class=\"wp-block-cover alignfull\" style=\"padding-right:0;padding-left:0;min-height:421px;aspect-ratio:unset;\"><span aria-hidden=\"true\" class=\"wp-block-cover__background has-nv-light-bg-background-color has-background-dim-100 has-background-dim\"><\/span><div class=\"wp-block-cover__inner-container is-layout-flow wp-block-cover-is-layout-flow\">\n<div class=\"wp-block-group\"><div class=\"wp-block-group__inner-container is-layout-flow wp-block-group-is-layout-flow\">\n<div style=\"height:20px\" aria-hidden=\"true\" class=\"wp-block-spacer\"><\/div>\n\n\n\n<div class=\"wp-block-columns has-neve-text-color-color has-text-color is-layout-flex wp-container-core-columns-is-layout-9d6595d7 wp-block-columns-is-layout-flex\">\n<div class=\"wp-block-column is-vertically-aligned-center is-layout-flow wp-block-column-is-layout-flow\">\n<h2 class=\"wp-block-heading has-neve-link-hover-color-color has-text-color has-link-color wp-elements-ee499cd19e95a233a82afd0b3b8031e7\" style=\"padding-right:var(--wp--preset--spacing--30);padding-left:var(--wp--preset--spacing--30);font-size:28px\">O Cami\u00f1o de Inverno<\/h2>\n\n\n\n<p class=\"has-neve-text-color-color has-text-color has-link-color wp-elements-28b3426ce9c9cdf0cd728b9e188e9286\" style=\"padding-right:var(--wp--preset--spacing--30);padding-left:var(--wp--preset--spacing--30);font-size:17px\">O Xeoc\u00e1mping est\u00e1 situado xunto ao trazado oficial do <strong><mark style=\"background-color:rgba(0, 0, 0, 0)\" class=\"has-inline-color has-neve-link-hover-color-color\">Cami\u00f1o de Santiago, na s\u00faa variante do<\/mark><\/strong> <strong><mark style=\"background-color:rgba(0, 0, 0, 0)\" class=\"has-inline-color has-neve-link-hover-color-color\"><a href=\"https:\/\/www.caminodesantiago.gal\/es\/planifica\/las-rutas\/camino-de-inverno\" data-type=\"link\" data-id=\"https:\/\/www.caminodesantiago.gal\/es\/planifica\/las-rutas\/camino-de-inverno\">Cami\u00f1o de Inverno<\/a><\/mark><\/strong>. Por iso, somos o lugar perfecto para ofrecerlle a cada peregrino o descanso e agarimo merecido, sen desviarse un s\u00f3 paso da ruta.<\/p>\n<\/div>\n\n\n\n<div class=\"wp-block-column is-layout-flow wp-block-column-is-layout-flow\">\n<figure class=\"wp-block-image size-large has-custom-border\"><img loading=\"lazy\" decoding=\"async\" width=\"1024\" height=\"577\" src=\"https:\/\/www.xeocamping.com\/wp-content\/uploads\/2025\/07\/ZK_06716-1024x577.jpg\" alt=\"\" class=\"wp-image-331\" style=\"border-radius:16px\" srcset=\"https:\/\/www.xeocamping.com\/wp-content\/uploads\/2025\/07\/ZK_06716-1024x577.jpg 1024w, https:\/\/www.xeocamping.com\/wp-content\/uploads\/2025\/07\/ZK_06716-300x169.jpg 300w, https:\/\/www.xeocamping.com\/wp-content\/uploads\/2025\/07\/ZK_06716-768x432.jpg 768w, https:\/\/www.xeocamping.com\/wp-content\/uploads\/2025\/07\/ZK_06716-1536x865.jpg 1536w, https:\/\/www.xeocamping.com\/wp-content\/uploads\/2025\/07\/ZK_06716-2048x1153.jpg 2048w\" sizes=\"auto, (max-width: 1024px) 100vw, 1024px\" \/><\/figure>\n<\/div>\n<\/div>\n<\/div><\/div>\n<\/div><\/div>\n\n\n\n<div class=\"wp-block-cover alignfull\"><span aria-hidden=\"true\" class=\"wp-block-cover__background has-neve-link-hover-color-background-color has-background-dim-100 has-background-dim\"><\/span><div class=\"wp-block-cover__inner-container is-layout-flow wp-block-cover-is-layout-flow\">\n<div style=\"height:60px\" aria-hidden=\"true\" class=\"wp-block-spacer\"><\/div>\n\n\n\n<div class=\"wp-block-group\" style=\"padding-top:0;padding-right:0;padding-bottom:0;padding-left:0\"><div class=\"wp-block-group__inner-container is-layout-constrained wp-container-core-group-is-layout-ce3938d8 wp-block-group-is-layout-constrained\">\n<div class=\"wp-block-columns is-layout-flex wp-container-core-columns-is-layout-9d6595d7 wp-block-columns-is-layout-flex\">\n<div class=\"wp-block-column is-vertically-aligned-center is-layout-flow wp-block-column-is-layout-flow\" style=\"padding-right:var(--wp--preset--spacing--60);padding-left:var(--wp--preset--spacing--60)\">\n<figure class=\"wp-block-embed aligncenter is-type-video is-provider-youtube wp-block-embed-youtube wp-embed-aspect-16-9 wp-has-aspect-ratio\"><div class=\"wp-block-embed__wrapper\">\n<div class=\"nv-iframe-embed\"><iframe loading=\"lazy\" title=\"Video Corto m\u00fasica Courel\" width=\"1200\" height=\"675\" src=\"https:\/\/www.youtube.com\/embed\/13XGBZvpckY?feature=oembed\" frameborder=\"0\" allow=\"accelerometer; autoplay; clipboard-write; encrypted-media; gyroscope; picture-in-picture; web-share\" referrerpolicy=\"strict-origin-when-cross-origin\" allowfullscreen><\/iframe><\/div>\n<\/div><\/figure>\n<\/div>\n\n\n\n<div class=\"wp-block-column is-layout-flow wp-block-column-is-layout-flow\">\n<h2 class=\"wp-block-heading\" style=\"padding-right:var(--wp--preset--spacing--30);padding-left:var(--wp--preset--spacing--30);font-size:28px\">Que facer?<\/h2>\n\n\n\n<ul class=\"wp-block-list\">\n<li style=\"font-size:17px\"><strong><a href=\"https:\/\/e31fe001-b31e-49cc-ab18-6282da92c717.usrfiles.com\/ugd\/e31fe0_03a9ec4e10f64de3955a3c35196212be.pdf\" data-type=\"link\" data-id=\"https:\/\/e31fe001-b31e-49cc-ab18-6282da92c717.usrfiles.com\/ugd\/e31fe0_03a9ec4e10f64de3955a3c35196212be.pdf\">Rutas oficiais do Xeoparque Monta\u00f1as do Courel<\/a><\/strong><\/li>\n<\/ul>\n\n\n\n<ul class=\"wp-block-list\">\n<li style=\"font-size:17px\"><strong><a href=\"https:\/\/turismo.ribeirasacra.org\/es\/senderismo-en-la-montana-suroriental\" data-type=\"link\" data-id=\"https:\/\/turismo.ribeirasacra.org\/es\/senderismo-en-la-montana-suroriental\">Rutas da Reserva da Biosfera Ribeira Sacra e Serras do Oribio e Courel<\/a><\/strong><\/li>\n<\/ul>\n\n\n\n<ul class=\"wp-block-list\">\n<li style=\"font-size:17px\"><strong><a href=\"https:\/\/www.courelmountains.es\/barranquismo\" data-type=\"link\" data-id=\"https:\/\/www.courelmountains.es\/barranquismo\">Actividades de aventura<\/a><\/strong> (barranquismo, sendeirismo, observaci\u00f3n da natureza, etc.)<\/li>\n<\/ul>\n\n\n\n<ul class=\"wp-block-list\">\n<li style=\"font-size:17px\">Eventos e festexos locais<\/li>\n<\/ul>\n\n\n\n<div class=\"wp-block-buttons is-layout-flex wp-block-buttons-is-layout-flex\">\n<div class=\"wp-block-button\"><a class=\"wp-block-button__link has-nv-c-1-background-color has-background has-custom-font-size wp-element-button\" href=\"https:\/\/www.google.com\/maps\/d\/u\/0\/viewer?mid=1-H-TlEHUi9nIsY57z8YGJRhqtL4YbDza&amp;femb=1&amp;ll=42.50578814295513%2C-7.205164421458448&amp;z=10\" style=\"font-size:17px;text-transform:none\">Mapa Interactivo de Recursos<\/a><\/div>\n<\/div>\n<\/div>\n<\/div>\n<\/div><\/div>\n\n\n\n<div style=\"height:20px\" aria-hidden=\"true\" class=\"wp-block-spacer\"><\/div>\n<\/div><\/div>\n\n\n\n<div class=\"wp-block-cover alignfull\" style=\"padding-right:0;padding-left:0;min-height:421px;aspect-ratio:unset;\"><span aria-hidden=\"true\" class=\"wp-block-cover__background has-nv-light-bg-background-color has-background-dim-100 has-background-dim\"><\/span><div class=\"wp-block-cover__inner-container is-layout-flow wp-block-cover-is-layout-flow\">\n<div class=\"wp-block-group\"><div class=\"wp-block-group__inner-container is-layout-flow wp-block-group-is-layout-flow\">\n<div style=\"height:60px\" aria-hidden=\"true\" class=\"wp-block-spacer\"><\/div>\n\n\n\n<div class=\"wp-block-columns has-neve-text-color-color has-text-color is-layout-flex wp-container-core-columns-is-layout-9d6595d7 wp-block-columns-is-layout-flex\">\n<div class=\"wp-block-column is-vertically-aligned-center is-layout-flow wp-block-column-is-layout-flow\">\n<h2 class=\"wp-block-heading has-neve-link-hover-color-color has-text-color has-link-color wp-elements-4ef27aef8bc269fe4ea268f14730c3c4\" style=\"padding-right:var(--wp--preset--spacing--30);padding-left:var(--wp--preset--spacing--30);font-size:28px\">Programa de Actividades Escolares<\/h2>\n\n\n\n<p class=\"has-neve-text-color-color has-text-color has-link-color wp-elements-a221b2c830a6b875cd62e8cecd4e1a37\" style=\"padding-right:var(--wp--preset--spacing--30);padding-left:var(--wp--preset--spacing--30);font-size:17px\">No <strong><mark style=\"background-color:rgba(0, 0, 0, 0)\" class=\"has-inline-color has-neve-link-hover-color-color\">Xeoc\u00e1mping Monta\u00f1as do Courel<\/mark><\/strong>, a natureza conv\u00e9rtese na mellor aula. Ofrecemos un <strong><mark style=\"background-color:rgba(0, 0, 0, 0)\" class=\"has-inline-color has-neve-link-hover-color-color\">programa educativo e l\u00fadico<\/mark><\/strong> no coraz\u00f3n do <strong><mark style=\"background-color:rgba(0, 0, 0, 0)\" class=\"has-inline-color has-neve-link-hover-color-color\"><a href=\"https:\/\/geoparques.es\/portfolio_page\/montanas-do-courel\/\" data-type=\"link\" data-id=\"https:\/\/geoparques.es\/portfolio_page\/montanas-do-courel\/\">Xeoparque Mundial UNESCO Monta\u00f1as do Courel<\/a><\/mark><\/strong>, onde o alumnado aprende explorando, xogando e convivindo.<\/p>\n\n\n\n<p class=\"has-neve-text-color-color has-text-color has-link-color wp-elements-e1b18a20de1a7d6b41285d9f7df8ab2a\" style=\"padding-right:var(--wp--preset--spacing--30);padding-left:var(--wp--preset--spacing--30);font-size:17px\">As nosas actividades fomentan <mark style=\"background-color:rgba(0, 0, 0, 0)\" class=\"has-inline-color has-neve-link-hover-color-color\"><strong>a<\/strong> <strong>curiosidade, o traballo en equipo e o respecto polo medio ambiente<\/strong><\/mark>, sempre con acompa\u00f1amento dun equipo educativo especializado.<\/p>\n\n\n\n<ul style=\"font-size:17px\" class=\"wp-block-list\">\n<li><strong><mark style=\"background-color:rgba(0, 0, 0, 0)\" class=\"has-inline-color has-neve-link-hover-color-color\">Excursi\u00f3ns escolares<\/mark><\/strong> de d\u00eda ou medio d\u00eda, ideais para descubrir os segredos xeol\u00f3xicos, naturais e culturais do Courel de forma divertida e participativa.<\/li>\n<\/ul>\n\n\n\n<ul style=\"font-size:17px\" class=\"wp-block-list\">\n<li><strong><mark style=\"background-color:rgba(0, 0, 0, 0)\" class=\"has-inline-color has-neve-link-hover-color-color\">Mini-campamentos con pernoita<\/mark><\/strong>, para quen queira ir m\u00e1is al\u00e1 e vivir a experiencia \u00fanica de durmir baixo as estrelas, nas tendas de campa\u00f1a montadas polo propio grupo. Un xeito diferente de aprender e convivir, que promove a autonom\u00eda, a amizade e o contacto directo coa natureza.<\/li>\n<\/ul>\n\n\n\n<div class=\"wp-block-buttons is-content-justification-center is-layout-flex wp-container-core-buttons-is-layout-16018d1d wp-block-buttons-is-layout-flex\">\n<div class=\"wp-block-button\"><a class=\"wp-block-button__link has-neve-link-color-background-color has-background has-custom-font-size wp-element-button\" href=\"https:\/\/www.xeocamping.com\/wp-content\/uploads\/2025\/10\/Dossier-Centros-Educativos_Xeocamping-Montanas-do-Courel_compressed.pdf\" style=\"font-size:17px;text-transform:none\">Programa de Actividades Escolares<\/a><\/div>\n<\/div>\n<\/div>\n\n\n\n<div class=\"wp-block-column is-layout-flow wp-block-column-is-layout-flow\"><div class=\"wp-block-image\">\n<figure class=\"aligncenter size-large is-resized has-custom-border\"><img loading=\"lazy\" decoding=\"async\" width=\"576\" height=\"1024\" src=\"https:\/\/www.xeocamping.com\/wp-content\/uploads\/2025\/10\/001-576x1024.png\" alt=\"\" class=\"wp-image-469\" style=\"border-radius:16px;width:317px;height:auto\" srcset=\"https:\/\/www.xeocamping.com\/wp-content\/uploads\/2025\/10\/001-576x1024.png 576w, https:\/\/www.xeocamping.com\/wp-content\/uploads\/2025\/10\/001-169x300.png 169w, https:\/\/www.xeocamping.com\/wp-content\/uploads\/2025\/10\/001-768x1365.png 768w, https:\/\/www.xeocamping.com\/wp-content\/uploads\/2025\/10\/001-864x1536.png 864w, https:\/\/www.xeocamping.com\/wp-content\/uploads\/2025\/10\/001.png 1080w\" sizes=\"auto, (max-width: 576px) 100vw, 576px\" \/><\/figure>\n<\/div><\/div>\n<\/div>\n<\/div><\/div>\n<\/div><\/div>\n\n\n\n<p><\/p>\n","protected":false},"excerpt":{"rendered":"","protected":false},"author":1,"featured_media":0,"parent":0,"menu_order":0,"comment_status":"closed","ping_status":"closed","template":"","meta":{"neve_meta_sidebar":"","neve_meta_container":"","neve_meta_enable_content_width":"on","neve_meta_content_width":100,"neve_meta_title_alignment":"","neve_meta_author_avatar":"","neve_post_elements_order":"","neve_meta_disable_header":"","neve_meta_disable_footer":"","neve_meta_disable_title":"on","footnotes":""},"class_list":["post-318","page","type-page","status-publish","hentry"],"_links":{"self":[{"href":"https:\/\/www.xeocamping.com\/index.php\/wp-json\/wp\/v2\/pages\/318","targetHints":{"allow":["GET"]}}],"collection":[{"href":"https:\/\/www.xeocamping.com\/index.php\/wp-json\/wp\/v2\/pages"}],"about":[{"href":"https:\/\/www.xeocamping.com\/index.php\/wp-json\/wp\/v2\/types\/page"}],"author":[{"embeddable":true,"href":"https:\/\/www.xeocamping.com\/index.php\/wp-json\/wp\/v2\/users\/1"}],"replies":[{"embeddable":true,"href":"https:\/\/www.xeocamping.com\/index.php\/wp-json\/wp\/v2\/comments?post=318"}],"version-history":[{"count":40,"href":"https:\/\/www.xeocamping.com\/index.php\/wp-json\/wp\/v2\/pages\/318\/revisions"}],"predecessor-version":[{"id":549,"href":"https:\/\/www.xeocamping.com\/index.php\/wp-json\/wp\/v2\/pages\/318\/revisions\/549"}],"wp:attachment":[{"href":"https:\/\/www.xeocamping.com\/index.php\/wp-json\/wp\/v2\/media?parent=318"}],"curies":[{"name":"wp","href":"https:\/\/api.w.org\/{rel}","templated":true}]}}