{"id":406,"date":"2025-07-21T15:18:05","date_gmt":"2025-07-21T15:18:05","guid":{"rendered":"https:\/\/www.xeocamping.com\/?page_id=406"},"modified":"2026-04-14T09:32:02","modified_gmt":"2026-04-14T09:32:02","slug":"aviso-legal-e-politica-de-privacidade","status":"publish","type":"page","link":"https:\/\/www.xeocamping.com\/index.php\/aviso-legal-e-politica-de-privacidade\/","title":{"rendered":"Aviso Legal e Pol\u00edtica de Privacidade"},"content":{"rendered":"\n<div class=\"wp-block-cover alignfull\" style=\"padding-top:var(--wp--preset--spacing--60);padding-bottom:var(--wp--preset--spacing--60);min-height:250px;aspect-ratio:unset;\"><img loading=\"lazy\" decoding=\"async\" width=\"2560\" height=\"1707\" class=\"wp-block-cover__image-background wp-image-45 size-full\" alt=\"\" src=\"https:\/\/www.xeocamping.com\/wp-content\/uploads\/2025\/05\/meandrodacubela-scaled.jpg\" style=\"object-position:8% 20%\" data-object-fit=\"cover\" data-object-position=\"8% 20%\" srcset=\"https:\/\/www.xeocamping.com\/wp-content\/uploads\/2025\/05\/meandrodacubela-scaled.jpg 2560w, https:\/\/www.xeocamping.com\/wp-content\/uploads\/2025\/05\/meandrodacubela-300x200.jpg 300w, https:\/\/www.xeocamping.com\/wp-content\/uploads\/2025\/05\/meandrodacubela-1024x683.jpg 1024w, https:\/\/www.xeocamping.com\/wp-content\/uploads\/2025\/05\/meandrodacubela-768x512.jpg 768w, https:\/\/www.xeocamping.com\/wp-content\/uploads\/2025\/05\/meandrodacubela-1536x1024.jpg 1536w, https:\/\/www.xeocamping.com\/wp-content\/uploads\/2025\/05\/meandrodacubela-2048x1365.jpg 2048w, https:\/\/www.xeocamping.com\/wp-content\/uploads\/2025\/05\/meandrodacubela-930x620.jpg 930w\" sizes=\"auto, (max-width: 2560px) 100vw, 2560px\" \/><span aria-hidden=\"true\" class=\"wp-block-cover__background has-neve-link-hover-color-background-color has-background-dim\"><\/span><div class=\"wp-block-cover__inner-container is-layout-flow wp-block-cover-is-layout-flow\">\n<div class=\"wp-block-group\" style=\"padding-right:var(--wp--preset--spacing--30);padding-left:var(--wp--preset--spacing--30)\"><div class=\"wp-block-group__inner-container is-layout-flow wp-block-group-is-layout-flow\">\n<h1 class=\"wp-block-heading has-text-align-left has-nv-site-bg-color has-text-color\" style=\"padding-top:var(--wp--preset--spacing--70);padding-bottom:var(--wp--preset--spacing--70)\">Aviso Legal e Pol\u00edtica de Privacidade<\/h1>\n<\/div><\/div>\n<\/div><\/div>\n\n\n\n<div style=\"height:70px\" aria-hidden=\"true\" class=\"wp-block-spacer\"><\/div>\n\n\n\n<p class=\"has-neve-link-hover-color-color has-text-color has-link-color wp-elements-66b164dfbb42fda81c455d8b1880b291\" style=\"font-size:28px\"><strong>AVISO LEGAL<\/strong><\/p>\n\n\n\n<p class=\"has-neve-link-color-color has-text-color has-link-color wp-elements-66a5bbc3fa5163cfc3bf6150a88ce0d8\" style=\"font-size:17px\"><strong>1\/ DATOS DA ENTIDADE<\/strong><\/p>\n\n\n\n<p style=\"font-size:17px\">En cumprimento do artigo 10 da Lei 34\/2002, do 11 de xullo, de Servizos da Sociedade da Informaci\u00f3n e Comercio Electr\u00f3nico, AVENTEIRA S. COOP. GALEGA inf\u00f3rmalle que os seus datos identificativos son os seguintes:<\/p>\n\n\n\n<ul class=\"wp-block-list\">\n<li style=\"font-size:17px\"><strong>Denominaci\u00f3n social:<\/strong> AVENTEIRA S. COOP. GALEGA<\/li>\n<\/ul>\n\n\n\n<ul class=\"wp-block-list\">\n<li style=\"font-size:17px\"><strong>CIF:<\/strong> F70577010<\/li>\n<\/ul>\n\n\n\n<ul class=\"wp-block-list\">\n<li style=\"font-size:17px\"><strong>Domicilio social:<\/strong> AVDA. CONCES 61 2 PORTA 3 15500 &#8211; FENE (A Coru\u00f1a)&nbsp;<\/li>\n<\/ul>\n\n\n\n<ul class=\"wp-block-list\">\n<li style=\"font-size:17px\"><strong>Tel\u00e9fono:<\/strong> 623 016 489<\/li>\n<\/ul>\n\n\n\n<ul class=\"wp-block-list\">\n<li style=\"font-size:17px\"><strong>Correo electr\u00f3nico a efectos de comunicaci\u00f3n:<\/strong> <mark style=\"background-color:rgba(0, 0, 0, 0)\" class=\"has-inline-color has-neve-link-color-color\">xestion@aventeira.com<\/mark><\/li>\n<\/ul>\n\n\n\n<ul class=\"wp-block-list\">\n<li style=\"font-size:17px\"><strong>Dominio WEB:<\/strong> <a href=\"http:\/\/www.xeocamping.com\" data-type=\"link\" data-id=\"www.xeocamping.com\">www.xeocamping.com<\/a><\/li>\n<\/ul>\n\n\n\n<p style=\"font-size:17px\">Todas as notificaci\u00f3ns e comunicaci\u00f3ns entre os usuarios e AVENTEIRA S. COOP. GALEGA consideraranse eficaces, para todos os efectos, cando se realicen a trav\u00e9s de correo postal ou calquera outro medio dos detallados anteriormente.<\/p>\n\n\n\n<p style=\"font-size:17px\">AVENTEIRA S. COOP. GALEGA at\u00f3pase inscrita no Rexistro de Empresas e Actividades Tur\u00edsticas co N\u00ba TU984G RITGA-E-2025-010056 necesario para desenvolver as actividades desempe\u00f1adas polo mesmo. O \u00f3rgano competente encargado da s\u00faa supervisi\u00f3n \u00e9 a Axencia Turismo de Galicia, dependente da Presidencia da Xunta de Galicia.<\/p>\n\n\n\n<p class=\"has-neve-link-color-color has-text-color has-link-color wp-elements-7b3a87d45d836b441d6c9ec2e45920e6\" style=\"font-size:17px\"><strong>2\/ CONDICI\u00d3NS DE ACCESO E UTILIZACI\u00d3N<\/strong><\/p>\n\n\n\n<p style=\"font-size:17px\">O presente Aviso Legal regula o uso do sitio web <a href=\"http:\/\/www.xeocamping.com\" data-type=\"link\" data-id=\"www.xeocamping.com\">www.xeocamping.com<\/a> (en diante, A WEB), do que \u00e9 titular AVENTEIRA S. COOP. GALEGA.<\/p>\n\n\n\n<p style=\"font-size:17px\">A navegaci\u00f3n pola web de AVENTEIRA S. COOP. GALEGA atrib\u00fae a condici\u00f3n de usuario do mesmo e implica a aceptaci\u00f3n plena e sen reservas de todas e cada unha das disposici\u00f3ns inclu\u00eddas neste Aviso Legal, que poden sufrir modificaci\u00f3ns.<\/p>\n\n\n\n<p style=\"font-size:17px\">O sitio web e os seus servizos son de acceso libre e gratu\u00edto. Con todo, AVENTEIRA S. COOP. GALEGA condiciona a utilizaci\u00f3n dalg\u00fans dos servizos ofrecidos na s\u00faa web ao previo enchemento do correspondente formulario.<\/p>\n\n\n\n<p style=\"font-size:17px\">Todos os contidos do sitio web, como textos, fotograf\u00edas, gr\u00e1ficos, imaxes, iconas, tecnolox\u00eda, software, as\u00ed como o seu dese\u00f1o e c\u00f3digos fonte, constit\u00faen unha obra cuxa propiedade pertence a AVENTEIRA S. COOP. GALEGA, sen que poidan entenderse cedidos ao usuario ning\u00fan dos dereitos de explotaci\u00f3n sobre os mesmos m\u00e1is al\u00f3 do estritamente necesario para o correcto uso da web.<\/p>\n\n\n\n<p style=\"font-size:17px\">O usuario garante a autenticidade e actualidade de todos aqueles datos que comunique a AVENTEIRA S. COOP. GALEGA e ser\u00e1 o \u00fanico responsable das manifestaci\u00f3ns falsas ou inexactas que realice.<\/p>\n\n\n\n<p style=\"font-size:17px\">O usuario obr\u00edgase a facer un uso correcto do sitio web de conformidade coas leis, a boa fe, a orde p\u00fablica, os usos do tr\u00e1fico e o presente Aviso Legal. O usuario responder\u00e1 fronte a AVENTEIRA S. COOP. GALEGA ou fronte a terceiros, de calquera dano ou prexu\u00edzo que puidese causarse como consecuencia do incumprimento da devandita obrigaci\u00f3n.<\/p>\n\n\n\n<p class=\"has-neve-link-color-color has-text-color has-link-color wp-elements-8a6467ea98aac342067929ffe4b90091\" style=\"font-size:17px\"><strong>3\/ POL\u00cdTICA DE LIGAZ\u00d3NS E EXENCI\u00d3NS DE RESPONSABILIDADES<\/strong><\/p>\n\n\n\n<p style=\"font-size:17px\">AVENTEIRA S. COOP. GALEGA non se fai responsable do contido das p\u00e1xinas web \u00e1s que o usuario poida acceder a trav\u00e9s das ligaz\u00f3ns establecidas na WEB e declara que en ning\u00fan caso proceder\u00e1 a examinar ou exercitar ning\u00fan tipo de control sobre o contido doutras p\u00e1xinas da rede. As\u00ed mesmo, tampouco garantir\u00e1 a dispo\u00f1ibilidade t\u00e9cnica, exactitude, veracidade, validez ou legalidade de p\u00e1xinas alleas \u00e1 s\u00faa propiedade \u00e1s que se poida acceder por medio das ligaz\u00f3ns.<\/p>\n\n\n\n<p style=\"font-size:17px\">AVENTEIRA S. COOP. GALEGA declara adoptar todas as medidas necesarias para evitar calquera dano que, aos usuarios da WEB, puidesen derivarse da navegaci\u00f3n pola mesma. En consecuencia, AVENTEIRA S. COOP. GALEGA non se fai responsable, en ning\u00fan caso, dos eventuais danos que pola navegaci\u00f3n por Internet puidese sufrir o usuario.<\/p>\n\n\n\n<p class=\"has-neve-link-color-color has-text-color has-link-color wp-elements-45eb005fdd13d4e464d3053b15b0c644\" style=\"font-size:17px\"><strong>4\/ USO DE COOKIES E DATOS ESTAT\u00cdSTICOS<\/strong><\/p>\n\n\n\n<p style=\"font-size:17px\">Esta p\u00e1xina web pode recoller datos dos seus visitantes por medio do uso de cookies, onde se solicitar\u00e1 informaci\u00f3n persoal relacionada coa s\u00faa navegaci\u00f3n. Para co\u00f1ecer de maneira clara e precisa as cookies que utilizamos, cales son as s\u00faas finalidades e como pode configuralas ou deshabilitalas, consulte nosa <a href=\"https:\/\/www.xeocamping.com\/index.php\/politica-de-cookies\/\" data-type=\"link\" data-id=\"https:\/\/www.xeocamping.com\/index.php\/politica-de-cookies\/\">Pol\u00edtica de Cookies<\/a>, no seu caso.<\/p>\n\n\n\n<p style=\"font-size:17px\">O usuario ten a posibilidade de configurar o seu navegador de modo que se lle informe da recepci\u00f3n de cookies, podendo, se as\u00ed o desexa, impedir que sexan instaladas no seu disco duro.<\/p>\n\n\n\n<p class=\"has-neve-link-color-color has-text-color has-link-color wp-elements-4b7e40787fdde99c0d3683b2b08b697f\" style=\"font-size:17px\"><strong>5\/ PROTECCI\u00d3N DE DATOS<\/strong><\/p>\n\n\n\n<p style=\"font-size:17px\">No caso de que na web se recollan datos de car\u00e1cter persoal, para m\u00e1is informaci\u00f3n consultar o vindeiro apartado <strong><mark style=\"background-color:rgba(0, 0, 0, 0)\" class=\"has-inline-color has-neve-link-color-color\">Pol\u00edtica de Privacidade<\/mark><\/strong>.&nbsp;<\/p>\n\n\n\n<p class=\"has-neve-link-color-color has-text-color has-link-color wp-elements-3157d00c03d22b67cb813f490ef94103\" style=\"font-size:17px\"><strong>6\/ IDIOMA DOS TEXTOS LEGAIS<\/strong><\/p>\n\n\n\n<p style=\"font-size:17px\">A versi\u00f3n en galego dos acordos e pol\u00edticas legais consid\u00e9rase a \u00fanica versi\u00f3n actual e v\u00e1lida. As versi\u00f3ns traducidas proporci\u00f3nanse s\u00f3 para facilitar a lectura e comprensi\u00f3n das versi\u00f3ns en galego. As versi\u00f3ns traducidas non son legalmente vinculantes e non substit\u00faen a versi\u00f3n en galego. En caso de conflito ou desacordo, os acordos e pol\u00edticas legais en galego prevalecer\u00e1n en todas as circunstancias.<\/p>\n\n\n\n<p class=\"has-neve-link-color-color has-text-color has-link-color wp-elements-5a62840f497fc6e3346948fc458ee79f\" style=\"font-size:17px\"><strong>7\/ RESOLUCI\u00d3N DE CONTROVERSIAS: LEI APLICABLE E XURISDICI\u00d3N<\/strong><\/p>\n\n\n\n<p style=\"font-size:17px\">As presentes<strong><mark style=\"background-color:rgba(0, 0, 0, 0)\" class=\"has-inline-color has-neve-link-color-color\"> <\/mark><\/strong>Condici\u00f3ns Xerais de Uso, as\u00ed como o uso do espazo web, rexeranse pola lexislaci\u00f3n espa\u00f1ola. Para a resoluci\u00f3n de calquera controversia as partes someteranse aos Xulgados e Tribunais do domicilio social do responsable do sitio web.<\/p>\n\n\n\n<p style=\"font-size:17px\">No caso de que calquera estipulaci\u00f3n das presentes Condici\u00f3ns Xerais de Uso resultase inexigible ou nula en virtude da lexislaci\u00f3n aplicable ou como consecuencia dunha resoluci\u00f3n xudicial ou administrativa, dita inexigibilidad ou nulidade non far\u00e1 que as presentes Condici\u00f3ns Xerais de Uso resulten inexigibles ou nulas no seu conxunto. Nos devanditos casos, a empresa proceder\u00e1 \u00e1 modificaci\u00f3n ou substituci\u00f3n da devandita estipulaci\u00f3n por outra que sexa v\u00e1lida e esixible e que, na medida do posible, consiga o obxectivo e pretensi\u00f3n reflectidos na estipulaci\u00f3n orixinal.<\/p>\n\n\n\n<p class=\"has-neve-link-hover-color-color has-text-color has-link-color wp-elements-26caa19230fbe9cb75f6f7c7bc2ee07b\" style=\"font-size:28px\"><strong>POL\u00cdTICA DE PRIVACIDADE<\/strong><\/p>\n\n\n\n<p style=\"font-size:17px\"><strong><mark style=\"background-color:rgba(0, 0, 0, 0)\" class=\"has-inline-color has-neve-link-color-color\">1\/ DEREITO DE INFORMACI\u00d3N<\/mark><\/strong><\/p>\n\n\n\n<p style=\"font-size:17px\">Para os efectos do disposto no Regulamento (UE) 2016\/679 do 27 de abril de 2016 (GDPR), relativo \u00e1 protecci\u00f3n das persoas f\u00edsicas no que respecta ao tratamento de datos persoais e \u00e1 libre circulaci\u00f3n destes datos e \u00e1 Lei Org\u00e1nica 3\/2018 do 5 de decembro, de protecci\u00f3n de datos de car\u00e1cter persoal e garant\u00eda dos dereitos dixitais (LOPDGDD), inf\u00f3rmase ao usuario da existencia dun tratamento automatizado de datos de car\u00e1cter persoal creado por AVENTEIRA S. COOP. GALEGA e baixo a s\u00faa responsabilidade cos datos persoais que nos puidese facilitar durante a navegaci\u00f3n polo noso sitio web, xa ben sexa no momento do seu rexistro ou cando remita unha mensaxe de correo electr\u00f3nico.<\/p>\n\n\n\n<p class=\"has-neve-link-color-color has-text-color has-link-color wp-elements-f5e6fa615349cfeb56d607ff4c3fb225\" style=\"font-size:17px\"><strong>2\/ RESPONSABLE DO TRATAMENTO<\/strong><\/p>\n\n\n\n<ul class=\"wp-block-list\">\n<li style=\"font-size:17px\"><strong>Denominaci\u00f3n social:<\/strong> AVENTEIRA S. COOP. GALEGA<\/li>\n<\/ul>\n\n\n\n<ul class=\"wp-block-list\">\n<li style=\"font-size:17px\"><strong>CIF:<\/strong> F70577010<\/li>\n<\/ul>\n\n\n\n<ul class=\"wp-block-list\">\n<li style=\"font-size:17px\"><strong>Domicilio social:<\/strong> AVDA. CONCES 61 2 PORTA 3, 15500 &#8211; FENE (A Coru\u00f1a)<\/li>\n<\/ul>\n\n\n\n<ul class=\"wp-block-list\">\n<li style=\"font-size:17px\"><strong>Tel\u00e9fono:<\/strong> 623 016 489<\/li>\n<\/ul>\n\n\n\n<ul class=\"wp-block-list\">\n<li style=\"font-size:17px\"><strong>Correo electr\u00f3nico a efectos de comunicaci\u00f3n:<\/strong> <mark style=\"background-color:rgba(0, 0, 0, 0)\" class=\"has-inline-color has-neve-link-color-color\">xestion@aventeira.com<\/mark><\/li>\n<\/ul>\n\n\n\n<p class=\"has-neve-link-color-color has-text-color has-link-color wp-elements-6bf8412d2932c959dba55c0186be5cd6\" style=\"font-size:17px\"><strong>3\/ FINALIDADE DO TRATAMENTO<\/strong><\/p>\n\n\n\n<p style=\"font-size:17px\">Indic\u00e1moslle que a finalidade do tratamento dos seus datos \u00e9 a descrita en cada un dos formularios establecidos na p\u00e1xina web nos que vostede nos facilita os seus datos.<\/p>\n\n\n\n<ul class=\"wp-block-list\">\n<li style=\"font-size:17px\"><strong>CONTACTO: <\/strong>Xestionar a s\u00faa solicitude e enviarlle informaci\u00f3n m\u00e1is detallada.<\/li>\n<\/ul>\n\n\n\n<ul class=\"wp-block-list\">\n<li style=\"font-size:17px\"><strong>RESERVAS:<\/strong> Xestionar a s\u00faa reserva a trav\u00e9s da p\u00e1xina web <a href=\"http:\/\/www.xeocamping.com\">www.xeocamping.com<\/a> propiedade de AVENTEIRA S. COOP. GALEGA (para maior informaci\u00f3n sobre o tratamento dos seus datos, consultar a s\u00faa <strong><mark style=\"background-color:rgba(0, 0, 0, 0)\" class=\"has-inline-color has-neve-link-color-color\">Pol\u00edtica de Privacidade<\/mark><\/strong>).<\/li>\n<\/ul>\n\n\n\n<p class=\"has-neve-link-color-color has-text-color has-link-color wp-elements-d3d98cc671d4cf2b96ea4a8ccd6da594\" style=\"font-size:17px\"><strong>4\/ LEXITIMACI\u00d3N<\/strong><\/p>\n\n\n\n<ul class=\"wp-block-list\">\n<li style=\"font-size:17px\">Artigo 6.1.a) do RGPD. O interesado deu o seu consentimento para o tratamento dos seus datos persoais para un ou varios fins espec\u00edficos.<\/li>\n<\/ul>\n\n\n\n<ul class=\"wp-block-list\">\n<li style=\"font-size:17px\">Artigo 6.1.b) do RGPD. Tratamento necesario para a execuci\u00f3n dun contrato no que o interesado \u00e9 parte ou para a aplicaci\u00f3n a pedimento deste de medidas precontractuales.<\/li>\n<\/ul>\n\n\n\n<ul class=\"wp-block-list\">\n<li style=\"font-size:17px\">Artigo 6.1.c) do RGPD. O tratamento \u00e9 necesario para o cumprimento dunha obrigaci\u00f3n legal aplicable ao responsable do tratamento.<\/li>\n<\/ul>\n\n\n\n<ul class=\"wp-block-list\">\n<li style=\"font-size:17px\">Real Decreto 933\/2021, do 26 de outubro de 2021, polo que se establecen as obrigaci\u00f3ns de rexistro documental e informaci\u00f3n das persoas f\u00edsicas ou xur\u00eddicas que exercen actividades de hospedaxe e alugueiro de veh\u00edculos de motor.<\/li>\n<\/ul>\n\n\n\n<ul class=\"wp-block-list\">\n<li style=\"font-size:17px\">Artigo 45 do Acordo de Schengen de xu\u00f1o de 1985.<\/li>\n<\/ul>\n\n\n\n<ul class=\"wp-block-list\">\n<li style=\"font-size:17px\">Lei Org\u00e1nica 4\/2015, do 30 de marzo, de protecci\u00f3n da seguridade cidad\u00e1.<\/li>\n<\/ul>\n\n\n\n<p class=\"has-neve-link-color-color has-text-color has-link-color wp-elements-ef8cef4d54c83f7a646550f695beaa88\" style=\"font-size:17px\"><strong>5\/ CONSERVACI\u00d3N E TRATAMENTO DOS DATOS<\/strong><\/p>\n\n\n\n<p style=\"font-size:17px\">Os seus datos ser\u00e1n conservados durante o tempo necesario para atender a s\u00faa solicitude, a condici\u00f3n de que non nos indique o contrario exercendo o seu dereito de supresi\u00f3n, ou durante o tempo necesario para cumprir coas obrigaci\u00f3ns legais e atender as posibles responsabilidades que puidesen derivar do cumprimento da finalidade para a que os datos foron solicitados. En caso de ser necesario, AVENTEIRA S. COOP. GALEGA cancelar\u00e1 ou rectificar\u00e1 os datos cando resulten inexactos, incompletos ou deixasen de ser necesarios para a s\u00faa finalidade, de conformidade co previsto na lexislaci\u00f3n vixente en materia de Protecci\u00f3n de Datos de Car\u00e1cter Persoal.<\/p>\n\n\n\n<p style=\"font-size:17px\">Mentres non nos comunique o contrario, entenderemos que os seus datos non foron modificados, que vostede se compromete a notificarnos calquera variaci\u00f3n e que temos o consentimento para utilizalos a fin de poder fidelizar a relaci\u00f3n entre as partes.<\/p>\n\n\n\n<p style=\"font-size:17px\">Os datos facilitados non ser\u00e1n cedidos a terceiros salvo nos casos en que exista unha obrigaci\u00f3n legal.<\/p>\n\n\n\n<p style=\"font-size:17px\">AVENTEIRA S. COOP. GALEGA non elaborar\u00e1 ning\u00fan tipo de \u201cperfil\u201d, en base \u00e1 informaci\u00f3n facilitada. Non se tomar\u00e1n decisi\u00f3ns automatizadas en base a perf\u00eds.<\/p>\n\n\n\n<p style=\"font-size:17px\">De acordo co que establece a Lei 34\/2002, de Servizos da Sociedade da Informaci\u00f3n e o Comercio Electr\u00f3nico no seu artigo 21, solicitaremos o seu consentimento para poder realizar comunicaci\u00f3ns publicitarias que consideremos poidan ser do seu interese, por correo electr\u00f3nico ou por calquera outro medio de comunicaci\u00f3n electr\u00f3nica equivalente.<\/p>\n\n\n\n<p style=\"font-size:17px\">Vostede ten dereito a opo\u00f1erse e\/ou retirar o consentimento ao tratamento dos datos indicados anteriormente, no seu caso, e en calquera momento, sen que iso afecte \u00e1 licitude do tratamento baseado no consentimento previo \u00e1 s\u00faa retirada, mediante notificaci\u00f3n ao responsable do tratamento na\/s direcci\u00f3n\/s indicada\/s.<\/p>\n\n\n\n<p class=\"has-neve-link-color-color has-text-color has-link-color wp-elements-b9d3cefc98b85a1d449eb0ef296b13d2\" style=\"font-size:17px\"><strong>6\/ MEDIDAS T\u00c9NICAS E ORGANIZATIVAS<\/strong><\/p>\n\n\n\n<p style=\"font-size:17px\">AVENTEIRA S. COOP. GALEGA adopta as medidas t\u00e9cnicas, controis e procedementos de car\u00e1cter f\u00edsico, organizativo e tecnol\u00f3xico, razoablemente fiables e efectivos, orientados a preservar a integridade e a seguridade dos seus datos e garantir a s\u00faa privacidade. Con todo, non asume ningunha responsabilidade polos danos e prexu\u00edzos derivados de alteraci\u00f3ns que terceiros poidan causar nos sistemas inform\u00e1ticos, documentos electr\u00f3nicos ou ficheiros do usuario.<\/p>\n\n\n\n<p style=\"font-size:17px\">Ademais, todo o persoal con acceso aos datos persoais foi formado e ten co\u00f1ecemento das s\u00faas obrigaci\u00f3ns con relaci\u00f3n aos tratamentos de datos persoais.<\/p>\n\n\n\n<p style=\"font-size:17px\">No caso dos contratos que subscribimos cos nosos provedores inclu\u00edmos cl\u00e1usulas nas que se lles esixe manter o deber de secreto respecto a os datos de car\u00e1cter persoal aos que tivesen acceso en virtude do encargo realizado, as\u00ed como implantar as medidas de seguridade t\u00e9cnicas e organizativas necesarias para garantir a confidencialidade, integridade, dispo\u00f1ibilidade e resiliencia permanentes dos sistemas e servizos de tratamento dos datos persoais.<\/p>\n\n\n\n<p style=\"font-size:17px\">Todas estas medidas de seguridade son revisadas de forma peri\u00f3dica para garantir a s\u00faa adecuaci\u00f3n e efectividade.<\/p>\n\n\n\n<p style=\"font-size:17px\">Con todo, a seguridade absoluta non se pode garantir e non existe ning\u00fan sistema de seguridade que sexa impenetrable polo que, no caso de calquera informaci\u00f3n obxecto de tratamento e baixo o noso control v\u00edsese comprometida como consecuencia dunha brecha de seguridade, tomaremos as medidas adecuadas para investigar o incidente, notificalo \u00e1 Autoridade de Control e, no seu caso, a aqueles usuarios que se puideron ver afectados para que tomen as medidas adecuadas.<\/p>\n\n\n\n<p class=\"has-neve-link-color-color has-text-color has-link-color wp-elements-8d3c0744f242f9cf6384e96c1e5cc36e\" style=\"font-size:17px\"><strong>7\/ DEREITOS<\/strong><\/p>\n\n\n\n<p style=\"font-size:17px\">O usuario poder\u00e1 exercer os dereitos de acceso, rectificaci\u00f3n, supresi\u00f3n, oposici\u00f3n, limitaci\u00f3n do tratamento, portabilidad de datos e a non ser obxecto de decisi\u00f3ns individualizadas automatizadas, en relaci\u00f3n cos datos obxecto do tratamento, ante o responsable do tratamento na direcci\u00f3n anteriormente mencionada ou por correo electr\u00f3nico a <mark style=\"background-color:rgba(0, 0, 0, 0)\" class=\"has-inline-color has-neve-link-color-color\">xestion@aventeira.com<\/mark>, anexando copia do seu DNI ou documento equivalente. No caso de que non obtivese satisfacci\u00f3n no exercicio dos seus dereitos, poder\u00e1 presentar unha reclamaci\u00f3n ante a Autoridade de Control en materia Protecci\u00f3n de Datos competente, sendo esta a Axencia Espa\u00f1ola de Protecci\u00f3n de Datos, e cuxos datos de contacto est\u00e1n accesibles en <a href=\"https:\/\/sedeagpd.gob.es\/sede-electronica-web\/vistas\/formNuevaReclamacion\/reclamacion.jsf\">https:\/\/sedeagpd.gob.es\/sede-electronica-web\/vistas\/formNuevaReclamacion\/reclamacion.jsf<\/a><\/p>\n\n\n\n<div style=\"height:70px\" aria-hidden=\"true\" class=\"wp-block-spacer\"><\/div>\n","protected":false},"excerpt":{"rendered":"<p>AVISO LEGAL 1\/ DATOS DA ENTIDADE En cumprimento do artigo 10 da Lei 34\/2002, do 11 de xullo, de Servizos da Sociedade da Informaci\u00f3n e Comercio Electr\u00f3nico, AVENTEIRA S. COOP. GALEGA inf\u00f3rmalle que os seus datos identificativos son os seguintes: Todas as notificaci\u00f3ns e comunicaci\u00f3ns entre os usuarios e AVENTEIRA S. COOP. GALEGA consideraranse eficaces,&hellip;&nbsp;<a href=\"https:\/\/www.xeocamping.com\/index.php\/aviso-legal-e-politica-de-privacidade\/\" rel=\"bookmark\">Leer m\u00e1s &raquo;<span class=\"screen-reader-text\">Aviso Legal e Pol\u00edtica de Privacidade<\/span><\/a><\/p>\n","protected":false},"author":1,"featured_media":0,"parent":0,"menu_order":0,"comment_status":"closed","ping_status":"closed","template":"","meta":{"neve_meta_sidebar":"","neve_meta_container":"","neve_meta_enable_content_width":"on","neve_meta_content_width":100,"neve_meta_title_alignment":"","neve_meta_author_avatar":"","neve_post_elements_order":"","neve_meta_disable_header":"","neve_meta_disable_footer":"","neve_meta_disable_title":"on","footnotes":""},"class_list":["post-406","page","type-page","status-publish","hentry"],"_links":{"self":[{"href":"https:\/\/www.xeocamping.com\/index.php\/wp-json\/wp\/v2\/pages\/406","targetHints":{"allow":["GET"]}}],"collection":[{"href":"https:\/\/www.xeocamping.com\/index.php\/wp-json\/wp\/v2\/pages"}],"about":[{"href":"https:\/\/www.xeocamping.com\/index.php\/wp-json\/wp\/v2\/types\/page"}],"author":[{"embeddable":true,"href":"https:\/\/www.xeocamping.com\/index.php\/wp-json\/wp\/v2\/users\/1"}],"replies":[{"embeddable":true,"href":"https:\/\/www.xeocamping.com\/index.php\/wp-json\/wp\/v2\/comments?post=406"}],"version-history":[{"count":11,"href":"https:\/\/www.xeocamping.com\/index.php\/wp-json\/wp\/v2\/pages\/406\/revisions"}],"predecessor-version":[{"id":608,"href":"https:\/\/www.xeocamping.com\/index.php\/wp-json\/wp\/v2\/pages\/406\/revisions\/608"}],"wp:attachment":[{"href":"https:\/\/www.xeocamping.com\/index.php\/wp-json\/wp\/v2\/media?parent=406"}],"curies":[{"name":"wp","href":"https:\/\/api.w.org\/{rel}","templated":true}]}}